{"id":13696,"date":"2024-08-20T15:47:32","date_gmt":"2024-08-20T13:47:32","guid":{"rendered":"https:\/\/saera.eu\/fr\/?page_id=13696"},"modified":"2026-03-03T11:58:19","modified_gmt":"2026-03-03T10:58:19","slug":"master-en-difficultes-dapprentissage-et-rehabilitation-logopedique","status":"publish","type":"page","link":"https:\/\/saera.eu\/fr\/master-en-difficultes-dapprentissage-et-rehabilitation-logopedique\/","title":{"rendered":"Master en Difficult\u00e9s d&#8217;Apprentissage et R\u00e9habilitation Logop\u00e9dique"},"content":{"rendered":"\t\t<div data-elementor-type=\"wp-page\" data-elementor-id=\"13696\" class=\"elementor elementor-13696\" data-elementor-post-type=\"page\">\n\t\t\t\t<div class=\"elementor-element elementor-element-63a4ebba e-con-full e-flex e-con e-parent\" data-id=\"63a4ebba\" data-element_type=\"container\">\n\t\t<div class=\"elementor-element elementor-element-5bf62d33 e-con-full e-flex e-con e-child\" data-id=\"5bf62d33\" data-element_type=\"container\">\n\t\t\t\t<div class=\"elementor-element elementor-element-b6af705 elementor-widget elementor-widget-toggle\" data-id=\"b6af705\" data-element_type=\"widget\" data-widget_type=\"toggle.default\">\n\t\t\t\t<div class=\"elementor-widget-container\">\n\t\t\t\t\t<div class=\"elementor-toggle\">\n\t\t\t\t\t\t\t<div class=\"elementor-toggle-item\">\n\t\t\t\t\t<div id=\"elementor-tab-title-1911\" class=\"elementor-tab-title\" data-tab=\"1\" role=\"button\" aria-controls=\"elementor-tab-content-1911\" aria-expanded=\"false\">\n\t\t\t\t\t\t\t\t\t\t\t\t<span class=\"elementor-toggle-icon elementor-toggle-icon-left\" aria-hidden=\"true\">\n\t\t\t\t\t\t\t\t\t\t\t\t\t\t\t<span class=\"elementor-toggle-icon-closed\"><svg class=\"e-font-icon-svg e-fas-caret-right\" viewBox=\"0 0 192 512\" xmlns=\"http:\/\/www.w3.org\/2000\/svg\"><path d=\"M0 384.662V127.338c0-17.818 21.543-26.741 34.142-14.142l128.662 128.662c7.81 7.81 7.81 20.474 0 28.284L34.142 398.804C21.543 411.404 0 402.48 0 384.662z\"><\/path><\/svg><\/span>\n\t\t\t\t\t\t\t\t<span class=\"elementor-toggle-icon-opened\"><svg class=\"elementor-toggle-icon-opened e-font-icon-svg e-fas-caret-up\" viewBox=\"0 0 320 512\" xmlns=\"http:\/\/www.w3.org\/2000\/svg\"><path d=\"M288.662 352H31.338c-17.818 0-26.741-21.543-14.142-34.142l128.662-128.662c7.81-7.81 20.474-7.81 28.284 0l128.662 128.662c12.6 12.599 3.676 34.142-14.142 34.142z\"><\/path><\/svg><\/span>\n\t\t\t\t\t\t\t\t\t\t\t\t\t<\/span>\n\t\t\t\t\t\t\t\t\t\t\t\t<a class=\"elementor-toggle-title\" tabindex=\"0\">Requis<\/a>\n\t\t\t\t\t<\/div>\n\n\t\t\t\t\t<div id=\"elementor-tab-content-1911\" class=\"elementor-tab-content elementor-clearfix\" data-tab=\"1\" role=\"region\" aria-labelledby=\"elementor-tab-title-1911\"><p style=\"text-align: justify;\">Les \u00e9tudiants qui souhaitent s\u2019inscrire \u00e0 ce master doivent \u00eatre des orthophonistes, logop\u00e9distes,\u00a0 qualifi\u00e9s (titulaires d\u2019une licence ou d\u2019un dipl\u00f4me de technicien, ou \u00e9quivalent) et des dipl\u00f4m\u00e9s de disciplines connexes, telles que l\u2019audition, la psychologie ou la linguistique.<\/p><p style=\"text-align: justify;\">Les candidats ayant une exp\u00e9rience appropri\u00e9e combin\u00e9e \u00e0 des qualifications alternatives seront pris en consid\u00e9ration. Les \u00e9tudiants ayant un autre profil acad\u00e9mique ou professionnel doivent nous contacter (<a href=\"mailto:contactez@saera.eu\">contactez@saera.eu<\/a>) avant de soumettre le formulaire d\u2019inscription.<\/p><\/div>\n\t\t\t\t<\/div>\n\t\t\t\t\t\t\t<div class=\"elementor-toggle-item\">\n\t\t\t\t\t<div id=\"elementor-tab-title-1912\" class=\"elementor-tab-title\" data-tab=\"2\" role=\"button\" aria-controls=\"elementor-tab-content-1912\" aria-expanded=\"false\">\n\t\t\t\t\t\t\t\t\t\t\t\t<span class=\"elementor-toggle-icon elementor-toggle-icon-left\" aria-hidden=\"true\">\n\t\t\t\t\t\t\t\t\t\t\t\t\t\t\t<span class=\"elementor-toggle-icon-closed\"><svg class=\"e-font-icon-svg e-fas-caret-right\" viewBox=\"0 0 192 512\" xmlns=\"http:\/\/www.w3.org\/2000\/svg\"><path d=\"M0 384.662V127.338c0-17.818 21.543-26.741 34.142-14.142l128.662 128.662c7.81 7.81 7.81 20.474 0 28.284L34.142 398.804C21.543 411.404 0 402.48 0 384.662z\"><\/path><\/svg><\/span>\n\t\t\t\t\t\t\t\t<span class=\"elementor-toggle-icon-opened\"><svg class=\"elementor-toggle-icon-opened e-font-icon-svg e-fas-caret-up\" viewBox=\"0 0 320 512\" xmlns=\"http:\/\/www.w3.org\/2000\/svg\"><path d=\"M288.662 352H31.338c-17.818 0-26.741-21.543-14.142-34.142l128.662-128.662c7.81-7.81 20.474-7.81 28.284 0l128.662 128.662c12.6 12.599 3.676 34.142-14.142 34.142z\"><\/path><\/svg><\/span>\n\t\t\t\t\t\t\t\t\t\t\t\t\t<\/span>\n\t\t\t\t\t\t\t\t\t\t\t\t<a class=\"elementor-toggle-title\" tabindex=\"0\">Estructure<\/a>\n\t\t\t\t\t<\/div>\n\n\t\t\t\t\t<div id=\"elementor-tab-content-1912\" class=\"elementor-tab-content elementor-clearfix\" data-tab=\"2\" role=\"region\" aria-labelledby=\"elementor-tab-title-1912\"><p style=\"text-align: justify;\">Le Master en difficult\u00e9s d\u2019apprentissage et R\u00e9habilitation Logop\u00e9dique se pr\u00e9sente sous la forme d&#8217;un programme modulaire dans lequel les \u00e9tudiants doivent suivre un total de 60 cr\u00e9dits. Il comprend 10 modules th\u00e9oriques (4 ECTS chacun), une formation clinique (10 ECTS) et un projet de recherche (10 ECTS).<\/p><p style=\"text-align: justify;\">\u00a0<\/p><\/div>\n\t\t\t\t<\/div>\n\t\t\t\t\t\t\t<div class=\"elementor-toggle-item\">\n\t\t\t\t\t<div id=\"elementor-tab-title-1913\" class=\"elementor-tab-title\" data-tab=\"3\" role=\"button\" aria-controls=\"elementor-tab-content-1913\" aria-expanded=\"false\">\n\t\t\t\t\t\t\t\t\t\t\t\t<span class=\"elementor-toggle-icon elementor-toggle-icon-left\" aria-hidden=\"true\">\n\t\t\t\t\t\t\t\t\t\t\t\t\t\t\t<span class=\"elementor-toggle-icon-closed\"><svg class=\"e-font-icon-svg e-fas-caret-right\" viewBox=\"0 0 192 512\" xmlns=\"http:\/\/www.w3.org\/2000\/svg\"><path d=\"M0 384.662V127.338c0-17.818 21.543-26.741 34.142-14.142l128.662 128.662c7.81 7.81 7.81 20.474 0 28.284L34.142 398.804C21.543 411.404 0 402.48 0 384.662z\"><\/path><\/svg><\/span>\n\t\t\t\t\t\t\t\t<span class=\"elementor-toggle-icon-opened\"><svg class=\"elementor-toggle-icon-opened e-font-icon-svg e-fas-caret-up\" viewBox=\"0 0 320 512\" xmlns=\"http:\/\/www.w3.org\/2000\/svg\"><path d=\"M288.662 352H31.338c-17.818 0-26.741-21.543-14.142-34.142l128.662-128.662c7.81-7.81 20.474-7.81 28.284 0l128.662 128.662c12.6 12.599 3.676 34.142-14.142 34.142z\"><\/path><\/svg><\/span>\n\t\t\t\t\t\t\t\t\t\t\t\t\t<\/span>\n\t\t\t\t\t\t\t\t\t\t\t\t<a class=\"elementor-toggle-title\" tabindex=\"0\">Mode de paiement<\/a>\n\t\t\t\t\t<\/div>\n\n\t\t\t\t\t<div id=\"elementor-tab-content-1913\" class=\"elementor-tab-content elementor-clearfix\" data-tab=\"3\" role=\"region\" aria-labelledby=\"elementor-tab-title-1913\"><p>Les \u00e9tudiants peuvent diviser les frais de scolarit\u00e9 en trois versements mensuels ou bimensuels sans frais suppl\u00e9mentaires. Si l&#8217;\u00e9tudiant le pr\u00e9f\u00e8re, il peut \u00e9galement le diviser en 6, 9 ou 12 mensualit\u00e9s, bien que ces options impliquent un l\u00e9ger co\u00fbt suppl\u00e9mentaire.<\/p><\/div>\n\t\t\t\t<\/div>\n\t\t\t\t\t\t\t\t<\/div>\n\t\t\t\t<\/div>\n\t\t\t\t<\/div>\n\t\t\t\t<div class=\"elementor-element elementor-element-371570c6 elementor-tabs-view-horizontal elementor-widget elementor-widget-tabs\" data-id=\"371570c6\" data-element_type=\"widget\" data-widget_type=\"tabs.default\">\n\t\t\t\t<div class=\"elementor-widget-container\">\n\t\t\t\t\t<div class=\"elementor-tabs\">\n\t\t\t<div class=\"elementor-tabs-wrapper\" role=\"tablist\" >\n\t\t\t\t\t\t\t\t\t<div id=\"elementor-tab-title-9241\" class=\"elementor-tab-title elementor-tab-desktop-title\" aria-selected=\"true\" data-tab=\"1\" role=\"tab\" tabindex=\"0\" aria-controls=\"elementor-tab-content-9241\" aria-expanded=\"false\">Resum\u00e9<\/div>\n\t\t\t\t\t\t\t\t\t<div id=\"elementor-tab-title-9242\" class=\"elementor-tab-title elementor-tab-desktop-title\" aria-selected=\"false\" data-tab=\"2\" role=\"tab\" tabindex=\"-1\" aria-controls=\"elementor-tab-content-9242\" aria-expanded=\"false\">Contenu<\/div>\n\t\t\t\t\t\t\t\t\t<div id=\"elementor-tab-title-9243\" class=\"elementor-tab-title elementor-tab-desktop-title\" aria-selected=\"false\" data-tab=\"3\" role=\"tab\" tabindex=\"-1\" aria-controls=\"elementor-tab-content-9243\" aria-expanded=\"false\">M\u00e9thodologie<\/div>\n\t\t\t\t\t\t\t\t\t<div id=\"elementor-tab-title-9244\" class=\"elementor-tab-title elementor-tab-desktop-title\" aria-selected=\"false\" data-tab=\"4\" role=\"tab\" tabindex=\"-1\" aria-controls=\"elementor-tab-content-9244\" aria-expanded=\"false\">Certification<\/div>\n\t\t\t\t\t\t\t\t\t<div id=\"elementor-tab-title-9245\" class=\"elementor-tab-title elementor-tab-desktop-title\" aria-selected=\"false\" data-tab=\"5\" role=\"tab\" tabindex=\"-1\" aria-controls=\"elementor-tab-content-9245\" aria-expanded=\"false\">Inscription<\/div>\n\t\t\t\t\t\t\t<\/div>\n\t\t\t<div class=\"elementor-tabs-content-wrapper\" role=\"tablist\" aria-orientation=\"vertical\">\n\t\t\t\t\t\t\t\t\t<div class=\"elementor-tab-title elementor-tab-mobile-title\" aria-selected=\"true\" data-tab=\"1\" role=\"tab\" tabindex=\"0\" aria-controls=\"elementor-tab-content-9241\" aria-expanded=\"false\">Resum\u00e9<\/div>\n\t\t\t\t\t<div id=\"elementor-tab-content-9241\" class=\"elementor-tab-content elementor-clearfix\" data-tab=\"1\" role=\"tabpanel\" aria-labelledby=\"elementor-tab-title-9241\" tabindex=\"0\" hidden=\"false\"><div class=\"wpb_wrapper\"><p style=\"text-align: justify;\">Le\u00a0<strong>Master en difficult\u00e9s d\u2019apprentissage et R\u00e9habilitation Logop\u00e9dique<\/strong>\u00a0permettra aux participants d\u2019acqu\u00e9rir des connaissances et des comp\u00e9tences dans la planification et la mise en \u0153uvre de programmes d\u2019\u00e9valuation et d\u2019intervention pour les individus (enfants et adultes) pr\u00e9sentant diff\u00e9rents troubles de la parole, du langage, de la communication, de la d\u00e9glutition et des difficult\u00e9s d\u2019apprentissage.<\/p><p>\u00a0<\/p><\/div><div class=\"wpb_wrapper\" style=\"text-align: justify;\"><p><strong><span style=\"color: #024359;\">\u27a2<\/span><\/strong> <strong><span style=\"color: #003366;\">Date de d\u00e9but <\/span><\/strong>: 1er juin 2026<br \/><strong><span style=\"color: #024359;\">\u27a2 <span style=\"color: #003366;\">Dur\u00e9e <\/span><\/span><\/strong>: <span style=\"color: #024359;\"><span style=\"color: #333333;\">60 ECTS (1 an)<\/span><\/span><br \/><strong><span style=\"color: #024359;\">\u27a2 Modalit\u00e9 <\/span><\/strong>: en ligne + pratiques cliniques<br \/><strong><span style=\"color: #024359;\">\u27a2<\/span><\/strong> <span style=\"color: #024359;\"><strong>Langue <\/strong><\/span>: Fran\u00e7ais<br \/><strong><span style=\"color: #024359;\">\u27a2<\/span><\/strong> <span style=\"color: #024359;\"><strong>Nombre d\u2019heures d\u2019\u00e9tude estim\u00e9es <\/strong><\/span>: 1500 (100 heures\/module)<\/p><\/div><\/div>\n\t\t\t\t\t\t\t\t\t<div class=\"elementor-tab-title elementor-tab-mobile-title\" aria-selected=\"false\" data-tab=\"2\" role=\"tab\" tabindex=\"-1\" aria-controls=\"elementor-tab-content-9242\" aria-expanded=\"false\">Contenu<\/div>\n\t\t\t\t\t<div id=\"elementor-tab-content-9242\" class=\"elementor-tab-content elementor-clearfix\" data-tab=\"2\" role=\"tabpanel\" aria-labelledby=\"elementor-tab-title-9242\" tabindex=\"0\" hidden=\"hidden\"><p>\u00a0<\/p><table><tbody><tr><td width=\"328\"><p><strong>Module<\/strong><\/p><\/td><td width=\"56\"><p><strong>ECTS<\/strong><\/p><\/td><td width=\"194\"><p><strong>Date<\/strong><\/p><\/td><\/tr><tr><td width=\"328\"><p>R\u00e9solution de cas Cliniques en Logop\u00e9die<\/p><\/td><td width=\"56\"><p>4<\/p><\/td><td width=\"194\"><p><strong>Juin <\/strong>2026<\/p><\/td><\/tr><tr><td width=\"328\"><p>Th\u00e9rapie Auditive<\/p><\/td><td width=\"56\"><p>4<\/p><\/td><td width=\"194\"><p><strong>Juillet <\/strong>2026<\/p><\/td><\/tr><tr><td width=\"328\"><p>M\u00e9thodes de Recherche en Sciences de la Sant\u00e9<\/p><\/td><td width=\"56\"><p>4<\/p><\/td><td width=\"194\"><p><strong>Septembre <\/strong>2026<\/p><\/td><\/tr><tr><td width=\"328\"><p>Communication et Troubles de la D\u00e9glutition<\/p><\/td><td width=\"56\"><p>4<\/p><\/td><td width=\"194\"><p><strong>Octobre <\/strong>2026<\/p><\/td><\/tr><tr><td width=\"328\"><p>Neuroscience : Apprentissage et M\u00e9moire<\/p><\/td><td width=\"56\"><p>4<\/p><\/td><td width=\"194\"><p><strong>Novembre <\/strong>2026<\/p><\/td><\/tr><tr><td width=\"328\"><p>Techniques d&#8217;Apprentissage Appliqu\u00e9es \u00e0 la R\u00e9habilitation Logop\u00e9dique<\/p><\/td><td width=\"56\"><p>4<\/p><\/td><td width=\"194\"><p><strong>D\u00e9cembre <\/strong>2026<\/p><\/td><\/tr><tr><td width=\"328\"><p>Dyslexie et Troubles de la Lecture et de l\u2019\u00c9criture<\/p><\/td><td width=\"56\"><p>4<\/p><\/td><td width=\"194\"><p><strong>F\u00e9vrier <\/strong>2027<\/p><\/td><\/tr><tr><td width=\"328\"><p>Troubles de la Voix et de la Parole<\/p><\/td><td width=\"56\"><p>4<\/p><\/td><td width=\"194\"><p><strong>Mars <\/strong>2027<\/p><\/td><\/tr><tr><td width=\"328\"><p>Troubles du Langage et Troubles Neurologiques<\/p><\/td><td width=\"56\"><p>4<\/p><\/td><td width=\"194\"><p><strong>Avril <\/strong>2027<\/p><\/td><\/tr><tr><td width=\"328\"><p>Troubles du Langage et de la Fluence Verbale<\/p><\/td><td width=\"56\"><p>4<\/p><\/td><td width=\"194\"><p><strong>Mai <\/strong>2027<\/p><\/td><\/tr><tr><td width=\"328\"><p>La th\u00e8se<\/p><\/td><td width=\"56\"><p>10<\/p><\/td><td width=\"194\"><p>Jusqu\u2019\u00e0 <strong>Mai <\/strong>2027<\/p><\/td><\/tr><tr><td width=\"328\"><p>Les pratiques cliniques<\/p><\/td><td width=\"56\"><p>10<\/p><\/td><td width=\"194\"><p>Jusqu\u2019\u00e0 <strong>Mai<\/strong> 2027<\/p><\/td><\/tr><\/tbody><\/table><p style=\"text-align: justify;\">Veuillez nous contacter \u00e0\u00a0<a href=\"mailto:contactez@saera.eu\">contactez@saera.eu<\/a>\u00a0pour solliciter le programme complet.<\/p><p style=\"text-align: justify;\"><span style=\"text-decoration: underline;\"><span style=\"color: #003366;\"><strong>Stage clinique<\/strong><\/span><\/span><\/p><p style=\"text-align: justify;\">Le stage clinique est l\u2019un des modules du Master en difficult\u00e9s d\u2019apprentissage et R\u00e9habilitation Logop\u00e9dique, et nous l\u2019organiserons pour vous dans une clinique ou un h\u00f4pital pr\u00e8s de chez vous, qui vous permettra d\u2019acqu\u00e9rir une exp\u00e9rience pr\u00e9cieuse. Les \u00e9tudiants disposeront d\u2019un an \u00e0 compter du d\u00e9but du Master pour r\u00e9ussir ce module.<\/p><p style=\"text-align: justify;\">Si vous avez travaill\u00e9 dans le domaine pendant plus de 3 ans, vous serez exempt\u00e9 de cet module.<\/p><p style=\"text-align: justify;\">Dur\u00e9e : 100 \u00e0 250 heures<\/p><p style=\"text-align: justify;\"><span style=\"text-decoration: underline;\"><span style=\"color: #003366;\"><strong>Th\u00e8se de Master<\/strong><\/span><\/span><\/p><p style=\"text-align: justify;\">Un\u00a0<strong>tuteur<\/strong> sera assign\u00e9 aux \u00e9tudiants pour les guider et les superviser tout au long du processus de r\u00e9daction de la th\u00e8se. Cette derni\u00e8re doit \u00eatre un travail original qui d\u00e9montre que les \u00e9tudiants sont en mesure d\u2019appliquer les connaissances acquises au cours du Master. La th\u00e8se de Master peut porter sur n\u2019importe quel sujet, \u00e0 condition qu\u2019il soit en rapport aux mati\u00e8res enseign\u00e9es dans le cadre du Master.<\/p><p style=\"text-align: justify;\">Les \u00e9tudiants disposeront d\u2019un an \u00e0 compter du d\u00e9but du Master pour soumettre leur th\u00e8se.<\/p><p style=\"text-align: justify;\">Longueur : 6 000 \u00e0 8 000 mots<\/p><\/div>\n\t\t\t\t\t\t\t\t\t<div class=\"elementor-tab-title elementor-tab-mobile-title\" aria-selected=\"false\" data-tab=\"3\" role=\"tab\" tabindex=\"-1\" aria-controls=\"elementor-tab-content-9243\" aria-expanded=\"false\">M\u00e9thodologie<\/div>\n\t\t\t\t\t<div id=\"elementor-tab-content-9243\" class=\"elementor-tab-content elementor-clearfix\" data-tab=\"3\" role=\"tabpanel\" aria-labelledby=\"elementor-tab-title-9243\" tabindex=\"0\" hidden=\"hidden\"><div><p style=\"text-align: justify;\">SAERA utilise une m\u00e9thode d\u2019apprentissage \u00e0 son propre rythme, c\u2019est-\u00e0-dire qu\u2019il n\u2019est pas n\u00e9cessaire d\u2019\u00eatre en ligne \u00e0 un horaire d\u00e9termin\u00e9. Ce mod\u00e8le est extr\u00eamement\u00a0<strong>flexible<\/strong>\u00a0et vous permet d\u2019\u00e9tudier en fonction de vos engagements professionnels et familiaux. Tous les supports de cours sont disponibles d\u00e8s le d\u00e9but du cours, et l\u2019\u00e9tudiant les parcourt \u00e0 son propre rythme.<\/p><p style=\"text-align: justify;\">Notre mod\u00e8le d\u2019apprentissage \u00e0 distance associe l\u2019enseignement par le biais d\u2019une\u00a0<strong>classe virtuelle<\/strong>, le\u00a0<strong>soutien d\u2019un tuteur<\/strong>\u00a0et\u00a0<strong>l\u2019auto-apprentissage<\/strong>\u00a0en ligne.<\/p><p style=\"text-align: justify;\">Les \u00e9tudiants du master sont connect\u00e9s et en communication constante gr\u00e2ce aux forums de discussion g\u00e9r\u00e9s par les tuteurs du cours et la messagerie interne du\u00a0<strong>campus virtuel.<\/strong>\u00a0Cela les aidera \u00e0 r\u00e9soudre leurs doutes en \u00e9changeant leurs connaissances et en acqu\u00e9rant de meilleures comp\u00e9tences pour r\u00e9ussir chaque module.<\/p><p style=\"text-align: justify;\"><strong>L\u2019\u00e9valuation<\/strong>\u00a0se d\u00e9roulera enti\u00e8rement en ligne et comprendra plusieurs modes d\u2019\u00e9valuation, dont les suivants :<\/p><p style=\"text-align: justify;\">. Tests de questions \u00e0 choix multiples<\/p><p style=\"text-align: justify;\">. Questions de d\u00e9veloppement<\/p><p style=\"text-align: justify;\">. Test de questions \u00e0 courte r\u00e9ponse<\/p><\/div><p style=\"text-align: justify;\">Chaque exercice requis pour un cours est clairement affich\u00e9 dans la classe virtuelle et que vous devez rendre avant la fin du mois afin qu\u2019il soit accept\u00e9.<\/p><\/div>\n\t\t\t\t\t\t\t\t\t<div class=\"elementor-tab-title elementor-tab-mobile-title\" aria-selected=\"false\" data-tab=\"4\" role=\"tab\" tabindex=\"-1\" aria-controls=\"elementor-tab-content-9244\" aria-expanded=\"false\">Certification<\/div>\n\t\t\t\t\t<div id=\"elementor-tab-content-9244\" class=\"elementor-tab-content elementor-clearfix\" data-tab=\"4\" role=\"tabpanel\" aria-labelledby=\"elementor-tab-title-9244\" tabindex=\"0\" hidden=\"hidden\"><div class=\"wpb_wrapper\"><div class=\"vc_row wpb_row vc_inner vc_row-fluid\"><div class=\"wpb_column vc_column_container vc_col-sm-6\"><div class=\"vc_column-inner \"><div class=\"wpb_wrapper\"><div class=\"wpb_text_column wpb_content_element \"><div class=\"wpb_wrapper\"><p style=\"text-align: justify;\">Apr\u00e8s avoir r\u00e9ussi tous les modules du Master<strong>,\u00a0<\/strong>vous recevrez un dipl\u00f4me de\u00a0<strong>Master en difficult\u00e9s d\u2019apprentissage et R\u00e9habilitation Logop\u00e9dique<\/strong> \u00a0\u00e9quivalent \u00e0 1 500 heures d\u2019\u00e9tudes (60ECTS). Le dipl\u00f4me obtenu \u00e0 l\u2019issue du Master peut \u00eatre d\u00e9livr\u00e9 par <a href=\"https:\/\/saera.eu\/fr\/\">SAERA<\/a>, par <a href=\"https:\/\/utamed.es\/\">UTAMED<\/a>, par <a href=\"https:\/\/lucentumuniversitas.com\/\">Lucentum Universitas<\/a> ou par <a href=\"https:\/\/www.ui1.es\/\">l\u2019Universit\u00e9 Isabel I<\/a>.<\/p><div class=\"wpb_text_column wpb_content_element \"><div class=\"wpb_wrapper\"><div class=\"vc_row wpb_row vc_inner vc_row-fluid\"><div class=\"wpb_column vc_column_container vc_col-sm-6\"><div class=\"vc_column-inner \"><div class=\"wpb_wrapper\"><div class=\"wpb_text_column wpb_content_element \"><div class=\"wpb_wrapper\"><p style=\"text-align: justify;\">L\u2019\u00e9tudiant doit indiquer au moment de l\u2019inscription le dipl\u00f4me qu\u2019il souhaite obtenir \u00e0 la fin de ses \u00e9tudes et ne pourra pas \u00eatre modifi\u00e9 tout au long du processus de formation.\u00a0 \u00a0 \u00a0 \u00a0 \u00a0 \u00a0 \u00a0 \u00a0 \u00a0 \u00a0 \u00a0 \u00a0 \u00a0 \u00a0 \u00a0 \u00a0 \u00a0 \u00a0 \u00a0 \u00a0 \u00a0 \u00a0 \u00a0<\/p><p style=\"text-align: justify;\">Vous pouvez trouver plus d\u2019informations sur chacune de ces options <a href=\"https:\/\/saera.eu\/fr\/nos-diplomes\/\">sous ce lien<\/a>.<\/p><\/div><\/div><\/div><\/div><\/div><\/div><\/div><\/div><div class=\"wpb_text_column wpb_content_element \"><div class=\"wpb_wrapper\"><div class=\"vc_row wpb_row vc_inner vc_row-fluid\"><div class=\"wpb_column vc_column_container vc_col-sm-6\" style=\"text-align: justify;\"><div class=\"vc_column-inner \"><div class=\"wpb_wrapper\"><div class=\"wpb_text_column wpb_content_element \"><div class=\"wpb_wrapper\"><p><strong>RECONNAISSANCE OPTIONNELLE<\/strong><\/p><\/div><\/div><\/div><\/div><\/div><div class=\"wpb_column vc_column_container vc_col-sm-6\"><div class=\"vc_column-inner \"><div class=\"wpb_wrapper\" style=\"text-align: justify;\"><div class=\"wpb_text_column wpb_content_element \"><div class=\"wpb_wrapper\"><p><img decoding=\"async\" class=\"alignleft wp-image-15469\" src=\"https:\/\/saera.eu\/fr\/wp-content\/uploads\/2025\/03\/HCCH-Logo-216x300.jpg\" alt=\"\" width=\"100\" height=\"139\" srcset=\"https:\/\/saera.eu\/fr\/wp-content\/uploads\/2025\/03\/HCCH-Logo-216x300.jpg 216w, https:\/\/saera.eu\/fr\/wp-content\/uploads\/2025\/03\/HCCH-Logo-736x1024.jpg 736w, https:\/\/saera.eu\/fr\/wp-content\/uploads\/2025\/03\/HCCH-Logo-768x1069.jpg 768w, https:\/\/saera.eu\/fr\/wp-content\/uploads\/2025\/03\/HCCH-Logo-1104x1536.jpg 1104w, https:\/\/saera.eu\/fr\/wp-content\/uploads\/2025\/03\/HCCH-Logo-1472x2048.jpg 1472w, https:\/\/saera.eu\/fr\/wp-content\/uploads\/2025\/03\/HCCH-Logo.jpg 1533w\" sizes=\"(max-width: 100px) 100vw, 100px\" \/><\/p><p>Les \u00e9tudiants ont la possibilit\u00e9 d\u2019inclure dans leurs dipl\u00f4mes la reconnaissance de l\u2019Apostille de La Haye. Un pays qui signe la convention de La Haye reconna\u00eet la valeur juridique d\u2019un document public d\u00e9livr\u00e9 dans un autre pays signataire de la Convention.<\/p><div class=\"wpb_wrapper\"><p>Il s\u2019agit d\u2019un document sign\u00e9 par le Coll\u00e8ge officiel des notaires qui accompagne le dipl\u00f4me et certifie sa v\u00e9racit\u00e9. Cette certification aura un co\u00fbt suppl\u00e9mentaire et devra \u00eatre communiqu\u00e9e par l\u2019\u00e9tudiant avant de conclure la formation.<\/p><p><strong>Attention<\/strong>\u00a0: il n\u2019est pas possible d\u2019obtenir l\u2019Apostille de La Haye pour le dipl\u00f4me d\u00e9livr\u00e9 par <strong>Lucentum Universitas<\/strong>.<\/p><\/div><p>Vous pouvez t\u00e9l\u00e9charger\u00a0<a href=\"https:\/\/saera.eu\/fr\/formulaire-de-demande-dapostille-de-la-haye\/\"><strong>le formulaire de demande d\u2019Apostille ici\u00a0<\/strong><\/a><\/p><\/div><\/div><p>Consultez \u00e9galement\u00a0<a href=\"https:\/\/www.hcch.net\/fr\/instruments\/conventions\/status-table\/?cid=41\"><strong>la liste mise \u00e0 jour des pays adh\u00e9rant \u00e0 la Convention.<\/strong><\/a><\/p><\/div><p style=\"text-align: justify;\">Si vous avez besoin d\u2019aide, n\u2019h\u00e9sitez pas \u00e0 nous contacter \u00e0\u00a0<a href=\"mailto:contactez@saera.eu\">contactez@saera.eu<\/a><\/p><\/div><\/div><\/div><\/div><\/div><\/div><\/div><\/div><\/div><\/div><\/div><\/div><div class=\"wpb_wrapper\"><div class=\"vc_row wpb_row vc_inner vc_row-fluid\"><div class=\"wpb_column vc_column_container vc_col-sm-6\"><div class=\"vc_column-inner \"><div class=\"wpb_wrapper\"><div class=\"wpb_text_column wpb_content_element \"><div class=\"wpb_wrapper\"><div class=\"vc_tta-panel-body\"><div class=\"vc_row wpb_row vc_inner vc_row-fluid\"><div class=\"wpb_column vc_column_container vc_col-sm-6\"><div class=\"vc_column-inner \"><div class=\"wpb_wrapper\"><div class=\"wpb_text_column wpb_content_element \"><div class=\"wpb_wrapper\"><div class=\"vc_row wpb_row vc_inner vc_row-fluid\"><div class=\"wpb_column vc_column_container vc_col-sm-6\"><div class=\"vc_column-inner \"><div class=\"wpb_wrapper\"><div class=\"wpb_text_column wpb_content_element \"><div class=\"wpb_wrapper\"><div class=\"vc_row wpb_row vc_inner vc_row-fluid\"><div class=\"wpb_column vc_column_container vc_col-sm-6\"><div class=\"vc_column-inner \">\u00a0<\/div><\/div><\/div><\/div><\/div><\/div><\/div><\/div><\/div><\/div><\/div><\/div><\/div><\/div><\/div><\/div><\/div><\/div><\/div><\/div><\/div><\/div><\/div><\/div>\n\t\t\t\t\t\t\t\t\t<div class=\"elementor-tab-title elementor-tab-mobile-title\" aria-selected=\"false\" data-tab=\"5\" role=\"tab\" tabindex=\"-1\" aria-controls=\"elementor-tab-content-9245\" aria-expanded=\"false\">Inscription<\/div>\n\t\t\t\t\t<div id=\"elementor-tab-content-9245\" class=\"elementor-tab-content elementor-clearfix\" data-tab=\"5\" role=\"tabpanel\" aria-labelledby=\"elementor-tab-title-9245\" tabindex=\"0\" hidden=\"hidden\"><div class=\"wpb_text_column wpb_content_element \"><div class=\"wpb_wrapper\"><div class=\"wpb_text_column wpb_content_element \"><div class=\"wpb_wrapper\"><div><div class=\"wpb_text_column wpb_content_element \"><div class=\"wpb_wrapper\"><div class=\"wpb_text_column wpb_content_element \"><div class=\"wpb_wrapper\"><div style=\"text-align: justify;\"><p><span style=\"color: #003366;\"><strong>Date de d\u00e9but : 1er juin 2026<\/strong><\/span><\/p><p><span style=\"color: #993300;\"><strong>Admissions ouvertes<\/strong><\/span><\/p><\/div><div style=\"text-align: justify;\">La proc\u00e9dure d\u2019inscription peut prendre quelques jours. Assurez-vous donc de commencer votre inscription bien \u00e0 l\u2019avance.<\/div><div>\u00a0<\/div><\/div><\/div><div class=\"wpb_text_column wpb_content_element \"><div class=\"wpb_wrapper\"><div class=\"wpb_text_column wpb_content_element \" style=\"text-align: justify;\"><div class=\"wpb_wrapper\"><div class=\"wpb_text_column wpb_content_element \"><div class=\"wpb_wrapper\"><p><span style=\"text-decoration: underline;\"><strong>\u00c9tapes \u00e0 suivre pour s\u2019inscrire :<\/strong><\/span><\/p><p>1- Remplissez et envoyez le\u00a0<a href=\"https:\/\/saera.eu\/fr\/formulaire-dinscription-master\/\">formulaire en ligne<\/a>.<\/p><\/div><\/div><div class=\"wpb_text_column wpb_content_element \"><p>2- Nous vous contacterons pour confirmer votre inscription et vous informer des modalit\u00e9s de paiement.<br \/>3- Payez les frais d\u2019inscription.<\/p><\/div><\/div><\/div><div class=\"wpb_text_column wpb_content_element \"><div class=\"wpb_wrapper\" style=\"text-align: justify;\"><p><span style=\"text-decoration: underline;\"><strong>Que doit inclure ma candidature ?<\/strong><\/span><\/p><p>Vous devez pr\u00e9senter :<\/p><ul><li>Copie de votre CV<\/li><li>Copie du dipl\u00f4me avec lequel vous acc\u00e9dez au programme<\/li><li>Copie de votre carte d\u2019identit\u00e9 nationale ou de votre passeport<\/li><li>Une photo d\u2019identit\u00e9<\/li><\/ul><\/div><div class=\"wpb_wrapper\"><div class=\"wpb_text_column wpb_content_element \"><div class=\"wpb_wrapper\"><p style=\"text-align: justify;\"><span style=\"text-decoration: underline;\"><strong>Besoin d\u2019aide pour s\u2019inscrire ?<\/strong><\/span><\/p><p style=\"text-align: justify;\">Si vous avez besoin d\u2019aide pour vous inscrire, n\u2019h\u00e9sitez pas \u00e0 nous contacter \u00e0\u00a0<a href=\"mailto:contactez@saera.eu\">contactez@saera.eu<\/a>\u00a0ou \u00e0 nous envoyer un message en utilisant notre num\u00e9ro WhatsApp (+34) 679 074 714.<\/p><\/div><\/div><\/div><\/div><\/div><\/div><\/div><\/div><div class=\"wpb_text_column wpb_content_element \"><div class=\"wpb_wrapper\">\u00a0<\/div><\/div><\/div><\/div><\/div><\/div><\/div><\/div>\n\t\t\t\t\t\t\t<\/div>\n\t\t<\/div>\n\t\t\t\t<\/div>\n\t\t\t\t<\/div>\n\t\t\t\t<\/div>\n\t\t<div class=\"elementor-element elementor-element-2f5eef12 e-con-full elementor-hidden-tablet elementor-hidden-mobile e-flex e-con e-child\" data-id=\"2f5eef12\" data-element_type=\"container\">\n\t\t\t\t<div class=\"elementor-element elementor-element-35099406 elementor-widget elementor-widget-image\" data-id=\"35099406\" data-element_type=\"widget\" data-widget_type=\"image.default\">\n\t\t\t\t<div class=\"elementor-widget-container\">\n\t\t\t\t\t\t\t\t\t\t\t\t\t<img fetchpriority=\"high\" decoding=\"async\" width=\"640\" height=\"350\" src=\"https:\/\/saera.eu\/fr\/wp-content\/uploads\/2024\/08\/DificultadesAprendizaje.jpg\" class=\"attachment-large size-large wp-image-12783\" alt=\"\" srcset=\"https:\/\/saera.eu\/fr\/wp-content\/uploads\/2024\/08\/DificultadesAprendizaje.jpg 1024w, https:\/\/saera.eu\/fr\/wp-content\/uploads\/2024\/08\/DificultadesAprendizaje-300x164.jpg 300w, https:\/\/saera.eu\/fr\/wp-content\/uploads\/2024\/08\/DificultadesAprendizaje-768x420.jpg 768w\" sizes=\"(max-width: 640px) 100vw, 640px\" \/>\t\t\t\t\t\t\t\t\t\t\t\t\t<\/div>\n\t\t\t\t<\/div>\n\t\t\t\t<div class=\"elementor-element elementor-element-23392202 elementor-position-left elementor-vertical-align-middle elementor-view-default elementor-mobile-position-top elementor-widget elementor-widget-icon-box\" data-id=\"23392202\" data-element_type=\"widget\" data-widget_type=\"icon-box.default\">\n\t\t\t\t<div class=\"elementor-widget-container\">\n\t\t\t\t\t<div class=\"elementor-icon-box-wrapper\">\n\n\t\t\t\t\t\t<div class=\"elementor-icon-box-icon\">\n\t\t\t\t<span  class=\"elementor-icon elementor-animation-\">\n\t\t\t\t<svg aria-hidden=\"true\" class=\"e-font-icon-svg e-far-calendar-alt\" viewBox=\"0 0 448 512\" xmlns=\"http:\/\/www.w3.org\/2000\/svg\"><path d=\"M148 288h-40c-6.6 0-12-5.4-12-12v-40c0-6.6 5.4-12 12-12h40c6.6 0 12 5.4 12 12v40c0 6.6-5.4 12-12 12zm108-12v-40c0-6.6-5.4-12-12-12h-40c-6.6 0-12 5.4-12 12v40c0 6.6 5.4 12 12 12h40c6.6 0 12-5.4 12-12zm96 0v-40c0-6.6-5.4-12-12-12h-40c-6.6 0-12 5.4-12 12v40c0 6.6 5.4 12 12 12h40c6.6 0 12-5.4 12-12zm-96 96v-40c0-6.6-5.4-12-12-12h-40c-6.6 0-12 5.4-12 12v40c0 6.6 5.4 12 12 12h40c6.6 0 12-5.4 12-12zm-96 0v-40c0-6.6-5.4-12-12-12h-40c-6.6 0-12 5.4-12 12v40c0 6.6 5.4 12 12 12h40c6.6 0 12-5.4 12-12zm192 0v-40c0-6.6-5.4-12-12-12h-40c-6.6 0-12 5.4-12 12v40c0 6.6 5.4 12 12 12h40c6.6 0 12-5.4 12-12zm96-260v352c0 26.5-21.5 48-48 48H48c-26.5 0-48-21.5-48-48V112c0-26.5 21.5-48 48-48h48V12c0-6.6 5.4-12 12-12h40c6.6 0 12 5.4 12 12v52h128V12c0-6.6 5.4-12 12-12h40c6.6 0 12 5.4 12 12v52h48c26.5 0 48 21.5 48 48zm-48 346V160H48v298c0 3.3 2.7 6 6 6h340c3.3 0 6-2.7 6-6z\"><\/path><\/svg>\t\t\t\t<\/span>\n\t\t\t<\/div>\n\t\t\t\n\t\t\t\t\t\t<div class=\"elementor-icon-box-content\">\n\n\t\t\t\t\t\t\t\t\t<h5 class=\"elementor-icon-box-title\">\n\t\t\t\t\t\t<span  >\n\t\t\t\t\t\t\tDate de d\u00e9but\t\t\t\t\t\t<\/span>\n\t\t\t\t\t<\/h5>\n\t\t\t\t\n\t\t\t\t\t\t\t\t\t<p class=\"elementor-icon-box-description\">\n\t\t\t\t\t\t1er juin 2026\t\t\t\t\t<\/p>\n\t\t\t\t\n\t\t\t<\/div>\n\t\t\t\n\t\t<\/div>\n\t\t\t\t<\/div>\n\t\t\t\t<\/div>\n\t\t\t\t<div class=\"elementor-element elementor-element-bed8a1d elementor-widget-divider--view-line elementor-widget elementor-widget-divider\" data-id=\"bed8a1d\" data-element_type=\"widget\" data-widget_type=\"divider.default\">\n\t\t\t\t<div class=\"elementor-widget-container\">\n\t\t\t\t\t<div class=\"elementor-divider\">\n\t\t\t<span class=\"elementor-divider-separator\">\n\t\t\t\t\t\t<\/span>\n\t\t<\/div>\n\t\t\t\t<\/div>\n\t\t\t\t<\/div>\n\t\t\t\t<div class=\"elementor-element elementor-element-2284dc37 elementor-position-left elementor-vertical-align-middle elementor-view-default elementor-mobile-position-top elementor-widget elementor-widget-icon-box\" data-id=\"2284dc37\" data-element_type=\"widget\" data-widget_type=\"icon-box.default\">\n\t\t\t\t<div class=\"elementor-widget-container\">\n\t\t\t\t\t<div class=\"elementor-icon-box-wrapper\">\n\n\t\t\t\t\t\t<div class=\"elementor-icon-box-icon\">\n\t\t\t\t<span  class=\"elementor-icon elementor-animation-\">\n\t\t\t\t<svg aria-hidden=\"true\" class=\"e-font-icon-svg e-fas-clock\" viewBox=\"0 0 512 512\" xmlns=\"http:\/\/www.w3.org\/2000\/svg\"><path d=\"M256,8C119,8,8,119,8,256S119,504,256,504,504,393,504,256,393,8,256,8Zm92.49,313h0l-20,25a16,16,0,0,1-22.49,2.5h0l-67-49.72a40,40,0,0,1-15-31.23V112a16,16,0,0,1,16-16h32a16,16,0,0,1,16,16V256l58,42.5A16,16,0,0,1,348.49,321Z\"><\/path><\/svg>\t\t\t\t<\/span>\n\t\t\t<\/div>\n\t\t\t\n\t\t\t\t\t\t<div class=\"elementor-icon-box-content\">\n\n\t\t\t\t\t\t\t\t\t<h5 class=\"elementor-icon-box-title\">\n\t\t\t\t\t\t<span  >\n\t\t\t\t\t\t\tDur\u00e9e\t\t\t\t\t\t<\/span>\n\t\t\t\t\t<\/h5>\n\t\t\t\t\n\t\t\t\t\t\t\t\t\t<p class=\"elementor-icon-box-description\">\n\t\t\t\t\t\tDu 1er juin 2026 au 31 mai 2027\t\t\t\t\t<\/p>\n\t\t\t\t\n\t\t\t<\/div>\n\t\t\t\n\t\t<\/div>\n\t\t\t\t<\/div>\n\t\t\t\t<\/div>\n\t\t\t\t<div class=\"elementor-element elementor-element-69b01f55 elementor-widget-divider--view-line elementor-widget elementor-widget-divider\" data-id=\"69b01f55\" data-element_type=\"widget\" data-widget_type=\"divider.default\">\n\t\t\t\t<div class=\"elementor-widget-container\">\n\t\t\t\t\t<div class=\"elementor-divider\">\n\t\t\t<span class=\"elementor-divider-separator\">\n\t\t\t\t\t\t<\/span>\n\t\t<\/div>\n\t\t\t\t<\/div>\n\t\t\t\t<\/div>\n\t\t\t\t<div class=\"elementor-element elementor-element-1f7fa3e9 elementor-position-left elementor-vertical-align-middle elementor-view-default elementor-mobile-position-top elementor-widget elementor-widget-icon-box\" data-id=\"1f7fa3e9\" data-element_type=\"widget\" data-widget_type=\"icon-box.default\">\n\t\t\t\t<div class=\"elementor-widget-container\">\n\t\t\t\t\t<div class=\"elementor-icon-box-wrapper\">\n\n\t\t\t\t\t\t<div class=\"elementor-icon-box-icon\">\n\t\t\t\t<span  class=\"elementor-icon elementor-animation-\">\n\t\t\t\t<svg aria-hidden=\"true\" class=\"e-font-icon-svg e-fas-laptop\" viewBox=\"0 0 640 512\" xmlns=\"http:\/\/www.w3.org\/2000\/svg\"><path d=\"M624 416H381.54c-.74 19.81-14.71 32-32.74 32H288c-18.69 0-33.02-17.47-32.77-32H16c-8.8 0-16 7.2-16 16v16c0 35.2 28.8 64 64 64h512c35.2 0 64-28.8 64-64v-16c0-8.8-7.2-16-16-16zM576 48c0-26.4-21.6-48-48-48H112C85.6 0 64 21.6 64 48v336h512V48zm-64 272H128V64h384v256z\"><\/path><\/svg>\t\t\t\t<\/span>\n\t\t\t<\/div>\n\t\t\t\n\t\t\t\t\t\t<div class=\"elementor-icon-box-content\">\n\n\t\t\t\t\t\t\t\t\t<h5 class=\"elementor-icon-box-title\">\n\t\t\t\t\t\t<span  >\n\t\t\t\t\t\t\tModalit\u00e9\t\t\t\t\t\t<\/span>\n\t\t\t\t\t<\/h5>\n\t\t\t\t\n\t\t\t\t\t\t\t\t\t<p class=\"elementor-icon-box-description\">\n\t\t\t\t\t\t en ligne + pratiques cliniques \t\t\t\t\t<\/p>\n\t\t\t\t\n\t\t\t<\/div>\n\t\t\t\n\t\t<\/div>\n\t\t\t\t<\/div>\n\t\t\t\t<\/div>\n\t\t\t\t<div class=\"elementor-element elementor-element-3c05a602 elementor-widget-divider--view-line elementor-widget elementor-widget-divider\" data-id=\"3c05a602\" data-element_type=\"widget\" data-widget_type=\"divider.default\">\n\t\t\t\t<div class=\"elementor-widget-container\">\n\t\t\t\t\t<div class=\"elementor-divider\">\n\t\t\t<span class=\"elementor-divider-separator\">\n\t\t\t\t\t\t<\/span>\n\t\t<\/div>\n\t\t\t\t<\/div>\n\t\t\t\t<\/div>\n\t\t\t\t<div class=\"elementor-element elementor-element-4af07d26 elementor-position-left elementor-vertical-align-middle elementor-view-default elementor-mobile-position-top elementor-widget elementor-widget-icon-box\" data-id=\"4af07d26\" data-element_type=\"widget\" data-widget_type=\"icon-box.default\">\n\t\t\t\t<div class=\"elementor-widget-container\">\n\t\t\t\t\t<div class=\"elementor-icon-box-wrapper\">\n\n\t\t\t\t\t\t<div class=\"elementor-icon-box-icon\">\n\t\t\t\t<span  class=\"elementor-icon elementor-animation-\">\n\t\t\t\t<svg aria-hidden=\"true\" class=\"e-font-icon-svg e-far-money-bill-alt\" viewBox=\"0 0 640 512\" xmlns=\"http:\/\/www.w3.org\/2000\/svg\"><path d=\"M320 144c-53.02 0-96 50.14-96 112 0 61.85 42.98 112 96 112 53 0 96-50.13 96-112 0-61.86-42.98-112-96-112zm40 168c0 4.42-3.58 8-8 8h-64c-4.42 0-8-3.58-8-8v-16c0-4.42 3.58-8 8-8h16v-55.44l-.47.31a7.992 7.992 0 0 1-11.09-2.22l-8.88-13.31a7.992 7.992 0 0 1 2.22-11.09l15.33-10.22a23.99 23.99 0 0 1 13.31-4.03H328c4.42 0 8 3.58 8 8v88h16c4.42 0 8 3.58 8 8v16zM608 64H32C14.33 64 0 78.33 0 96v320c0 17.67 14.33 32 32 32h576c17.67 0 32-14.33 32-32V96c0-17.67-14.33-32-32-32zm-16 272c-35.35 0-64 28.65-64 64H112c0-35.35-28.65-64-64-64V176c35.35 0 64-28.65 64-64h416c0 35.35 28.65 64 64 64v160z\"><\/path><\/svg>\t\t\t\t<\/span>\n\t\t\t<\/div>\n\t\t\t\n\t\t\t\t\t\t<div class=\"elementor-icon-box-content\">\n\n\t\t\t\t\t\t\t\t\t<h5 class=\"elementor-icon-box-title\">\n\t\t\t\t\t\t<span  >\n\t\t\t\t\t\t\tPrix\t\t\t\t\t\t<\/span>\n\t\t\t\t\t<\/h5>\n\t\t\t\t\n\t\t\t\t\t\t\t\t\t<p class=\"elementor-icon-box-description\">\n\t\t\t\t\t\t3.500 \u20ac\t\t\t\t\t<\/p>\n\t\t\t\t\n\t\t\t<\/div>\n\t\t\t\n\t\t<\/div>\n\t\t\t\t<\/div>\n\t\t\t\t<\/div>\n\t\t\t\t<div class=\"elementor-element elementor-element-a9b9499 elementor-align-center elementor-widget elementor-widget-button\" data-id=\"a9b9499\" data-element_type=\"widget\" data-widget_type=\"button.default\">\n\t\t\t\t<div class=\"elementor-widget-container\">\n\t\t\t\t\t\t\t<div class=\"elementor-button-wrapper\">\n\t\t\t\t\t<a class=\"elementor-button elementor-button-link elementor-size-sm\" href=\"https:\/\/saera.eu\/fr\/formulaire-dinscription-master\/\">\n\t\t\t\t\t\t<span class=\"elementor-button-content-wrapper\">\n\t\t\t\t\t\t\t\t\t<span class=\"elementor-button-text\">Inscription en ligne<\/span>\n\t\t\t\t\t<\/span>\n\t\t\t\t\t<\/a>\n\t\t\t\t<\/div>\n\t\t\t\t\t\t<\/div>\n\t\t\t\t<\/div>\n\t\t\t\t<\/div>\n\t\t\t\t<\/div>\n\t\t\t\t<\/div>\n\t\t","protected":false},"excerpt":{"rendered":"<p>Requis Les \u00e9tudiants qui souhaitent s\u2019inscrire \u00e0 ce master doivent \u00eatre des orthophonistes, logop\u00e9distes,\u00a0 qualifi\u00e9s (titulaires d\u2019une licence ou d\u2019un&#8230;<\/p>\n","protected":false},"author":1,"featured_media":12783,"parent":0,"menu_order":0,"comment_status":"closed","ping_status":"closed","template":"elementor_header_footer","meta":{"footnotes":""},"class_list":["post-13696","page","type-page","status-publish","has-post-thumbnail","hentry"],"yoast_head":"<!-- This site is optimized with the Yoast SEO plugin v27.4 - https:\/\/yoast.com\/product\/yoast-seo-wordpress\/ -->\n<title>Master en Difficult\u00e9s d&#039;Apprentissage et R\u00e9habilitation Logop\u00e9dique - Saera FR<\/title>\n<meta name=\"robots\" content=\"index, follow, max-snippet:-1, max-image-preview:large, max-video-preview:-1\" \/>\n<link rel=\"canonical\" href=\"https:\/\/saera.eu\/fr\/master-en-difficultes-dapprentissage-et-rehabilitation-logopedique\/\" \/>\n<meta property=\"og:locale\" content=\"fr_FR\" \/>\n<meta property=\"og:type\" content=\"article\" \/>\n<meta property=\"og:title\" content=\"Master en Difficult\u00e9s d&#039;Apprentissage et R\u00e9habilitation Logop\u00e9dique - Saera FR\" \/>\n<meta property=\"og:description\" content=\"Requis Les \u00e9tudiants qui souhaitent s\u2019inscrire \u00e0 ce master doivent \u00eatre des orthophonistes, logop\u00e9distes,\u00a0 qualifi\u00e9s (titulaires d\u2019une licence ou d\u2019un...\" \/>\n<meta property=\"og:url\" content=\"https:\/\/saera.eu\/fr\/master-en-difficultes-dapprentissage-et-rehabilitation-logopedique\/\" \/>\n<meta property=\"og:site_name\" content=\"Saera FR\" \/>\n<meta property=\"article:modified_time\" content=\"2026-03-03T10:58:19+00:00\" \/>\n<meta property=\"og:image\" content=\"https:\/\/saera.eu\/fr\/wp-content\/uploads\/2024\/08\/DificultadesAprendizaje.jpg\" \/>\n\t<meta property=\"og:image:width\" content=\"1024\" \/>\n\t<meta property=\"og:image:height\" content=\"560\" \/>\n\t<meta property=\"og:image:type\" content=\"image\/jpeg\" \/>\n<meta name=\"twitter:card\" content=\"summary_large_image\" \/>\n<meta name=\"twitter:label1\" content=\"Dur\u00e9e de lecture estim\u00e9e\" \/>\n\t<meta name=\"twitter:data1\" content=\"6 minutes\" \/>\n<script type=\"application\/ld+json\" class=\"yoast-schema-graph\">{\"@context\":\"https:\\\/\\\/schema.org\",\"@graph\":[{\"@type\":\"WebPage\",\"@id\":\"https:\\\/\\\/saera.eu\\\/fr\\\/master-en-difficultes-dapprentissage-et-rehabilitation-logopedique\\\/\",\"url\":\"https:\\\/\\\/saera.eu\\\/fr\\\/master-en-difficultes-dapprentissage-et-rehabilitation-logopedique\\\/\",\"name\":\"Master en Difficult\u00e9s d'Apprentissage et R\u00e9habilitation Logop\u00e9dique - Saera FR\",\"isPartOf\":{\"@id\":\"https:\\\/\\\/saera.eu\\\/fr\\\/#website\"},\"primaryImageOfPage\":{\"@id\":\"https:\\\/\\\/saera.eu\\\/fr\\\/master-en-difficultes-dapprentissage-et-rehabilitation-logopedique\\\/#primaryimage\"},\"image\":{\"@id\":\"https:\\\/\\\/saera.eu\\\/fr\\\/master-en-difficultes-dapprentissage-et-rehabilitation-logopedique\\\/#primaryimage\"},\"thumbnailUrl\":\"https:\\\/\\\/saera.eu\\\/fr\\\/wp-content\\\/uploads\\\/2024\\\/08\\\/DificultadesAprendizaje.jpg\",\"datePublished\":\"2024-08-20T13:47:32+00:00\",\"dateModified\":\"2026-03-03T10:58:19+00:00\",\"breadcrumb\":{\"@id\":\"https:\\\/\\\/saera.eu\\\/fr\\\/master-en-difficultes-dapprentissage-et-rehabilitation-logopedique\\\/#breadcrumb\"},\"inLanguage\":\"fr-FR\",\"potentialAction\":[{\"@type\":\"ReadAction\",\"target\":[\"https:\\\/\\\/saera.eu\\\/fr\\\/master-en-difficultes-dapprentissage-et-rehabilitation-logopedique\\\/\"]}]},{\"@type\":\"ImageObject\",\"inLanguage\":\"fr-FR\",\"@id\":\"https:\\\/\\\/saera.eu\\\/fr\\\/master-en-difficultes-dapprentissage-et-rehabilitation-logopedique\\\/#primaryimage\",\"url\":\"https:\\\/\\\/saera.eu\\\/fr\\\/wp-content\\\/uploads\\\/2024\\\/08\\\/DificultadesAprendizaje.jpg\",\"contentUrl\":\"https:\\\/\\\/saera.eu\\\/fr\\\/wp-content\\\/uploads\\\/2024\\\/08\\\/DificultadesAprendizaje.jpg\",\"width\":1024,\"height\":560},{\"@type\":\"BreadcrumbList\",\"@id\":\"https:\\\/\\\/saera.eu\\\/fr\\\/master-en-difficultes-dapprentissage-et-rehabilitation-logopedique\\\/#breadcrumb\",\"itemListElement\":[{\"@type\":\"ListItem\",\"position\":1,\"name\":\"Portada\",\"item\":\"https:\\\/\\\/saera.eu\\\/fr\\\/\"},{\"@type\":\"ListItem\",\"position\":2,\"name\":\"Master en Difficult\u00e9s d&#8217;Apprentissage et R\u00e9habilitation Logop\u00e9dique\"}]},{\"@type\":\"WebSite\",\"@id\":\"https:\\\/\\\/saera.eu\\\/fr\\\/#website\",\"url\":\"https:\\\/\\\/saera.eu\\\/fr\\\/\",\"name\":\"Saera FR\",\"description\":\"\u00c9cole Sup\u00e9rieure de Formation\",\"potentialAction\":[{\"@type\":\"SearchAction\",\"target\":{\"@type\":\"EntryPoint\",\"urlTemplate\":\"https:\\\/\\\/saera.eu\\\/fr\\\/?s={search_term_string}\"},\"query-input\":{\"@type\":\"PropertyValueSpecification\",\"valueRequired\":true,\"valueName\":\"search_term_string\"}}],\"inLanguage\":\"fr-FR\"}]}<\/script>\n<!-- \/ Yoast SEO plugin. -->","yoast_head_json":{"title":"Master en Difficult\u00e9s d'Apprentissage et R\u00e9habilitation Logop\u00e9dique - Saera FR","robots":{"index":"index","follow":"follow","max-snippet":"max-snippet:-1","max-image-preview":"max-image-preview:large","max-video-preview":"max-video-preview:-1"},"canonical":"https:\/\/saera.eu\/fr\/master-en-difficultes-dapprentissage-et-rehabilitation-logopedique\/","og_locale":"fr_FR","og_type":"article","og_title":"Master en Difficult\u00e9s d'Apprentissage et R\u00e9habilitation Logop\u00e9dique - Saera FR","og_description":"Requis Les \u00e9tudiants qui souhaitent s\u2019inscrire \u00e0 ce master doivent \u00eatre des orthophonistes, logop\u00e9distes,\u00a0 qualifi\u00e9s (titulaires d\u2019une licence ou d\u2019un...","og_url":"https:\/\/saera.eu\/fr\/master-en-difficultes-dapprentissage-et-rehabilitation-logopedique\/","og_site_name":"Saera FR","article_modified_time":"2026-03-03T10:58:19+00:00","og_image":[{"width":1024,"height":560,"url":"https:\/\/saera.eu\/fr\/wp-content\/uploads\/2024\/08\/DificultadesAprendizaje.jpg","type":"image\/jpeg"}],"twitter_card":"summary_large_image","twitter_misc":{"Dur\u00e9e de lecture estim\u00e9e":"6 minutes"},"schema":{"@context":"https:\/\/schema.org","@graph":[{"@type":"WebPage","@id":"https:\/\/saera.eu\/fr\/master-en-difficultes-dapprentissage-et-rehabilitation-logopedique\/","url":"https:\/\/saera.eu\/fr\/master-en-difficultes-dapprentissage-et-rehabilitation-logopedique\/","name":"Master en Difficult\u00e9s d'Apprentissage et R\u00e9habilitation Logop\u00e9dique - Saera FR","isPartOf":{"@id":"https:\/\/saera.eu\/fr\/#website"},"primaryImageOfPage":{"@id":"https:\/\/saera.eu\/fr\/master-en-difficultes-dapprentissage-et-rehabilitation-logopedique\/#primaryimage"},"image":{"@id":"https:\/\/saera.eu\/fr\/master-en-difficultes-dapprentissage-et-rehabilitation-logopedique\/#primaryimage"},"thumbnailUrl":"https:\/\/saera.eu\/fr\/wp-content\/uploads\/2024\/08\/DificultadesAprendizaje.jpg","datePublished":"2024-08-20T13:47:32+00:00","dateModified":"2026-03-03T10:58:19+00:00","breadcrumb":{"@id":"https:\/\/saera.eu\/fr\/master-en-difficultes-dapprentissage-et-rehabilitation-logopedique\/#breadcrumb"},"inLanguage":"fr-FR","potentialAction":[{"@type":"ReadAction","target":["https:\/\/saera.eu\/fr\/master-en-difficultes-dapprentissage-et-rehabilitation-logopedique\/"]}]},{"@type":"ImageObject","inLanguage":"fr-FR","@id":"https:\/\/saera.eu\/fr\/master-en-difficultes-dapprentissage-et-rehabilitation-logopedique\/#primaryimage","url":"https:\/\/saera.eu\/fr\/wp-content\/uploads\/2024\/08\/DificultadesAprendizaje.jpg","contentUrl":"https:\/\/saera.eu\/fr\/wp-content\/uploads\/2024\/08\/DificultadesAprendizaje.jpg","width":1024,"height":560},{"@type":"BreadcrumbList","@id":"https:\/\/saera.eu\/fr\/master-en-difficultes-dapprentissage-et-rehabilitation-logopedique\/#breadcrumb","itemListElement":[{"@type":"ListItem","position":1,"name":"Portada","item":"https:\/\/saera.eu\/fr\/"},{"@type":"ListItem","position":2,"name":"Master en Difficult\u00e9s d&#8217;Apprentissage et R\u00e9habilitation Logop\u00e9dique"}]},{"@type":"WebSite","@id":"https:\/\/saera.eu\/fr\/#website","url":"https:\/\/saera.eu\/fr\/","name":"Saera FR","description":"\u00c9cole Sup\u00e9rieure de Formation","potentialAction":[{"@type":"SearchAction","target":{"@type":"EntryPoint","urlTemplate":"https:\/\/saera.eu\/fr\/?s={search_term_string}"},"query-input":{"@type":"PropertyValueSpecification","valueRequired":true,"valueName":"search_term_string"}}],"inLanguage":"fr-FR"}]}},"_links":{"self":[{"href":"https:\/\/saera.eu\/fr\/wp-json\/wp\/v2\/pages\/13696","targetHints":{"allow":["GET"]}}],"collection":[{"href":"https:\/\/saera.eu\/fr\/wp-json\/wp\/v2\/pages"}],"about":[{"href":"https:\/\/saera.eu\/fr\/wp-json\/wp\/v2\/types\/page"}],"author":[{"embeddable":true,"href":"https:\/\/saera.eu\/fr\/wp-json\/wp\/v2\/users\/1"}],"replies":[{"embeddable":true,"href":"https:\/\/saera.eu\/fr\/wp-json\/wp\/v2\/comments?post=13696"}],"version-history":[{"count":108,"href":"https:\/\/saera.eu\/fr\/wp-json\/wp\/v2\/pages\/13696\/revisions"}],"predecessor-version":[{"id":17854,"href":"https:\/\/saera.eu\/fr\/wp-json\/wp\/v2\/pages\/13696\/revisions\/17854"}],"wp:featuredmedia":[{"embeddable":true,"href":"https:\/\/saera.eu\/fr\/wp-json\/wp\/v2\/media\/12783"}],"wp:attachment":[{"href":"https:\/\/saera.eu\/fr\/wp-json\/wp\/v2\/media?parent=13696"}],"curies":[{"name":"wp","href":"https:\/\/api.w.org\/{rel}","templated":true}]}}